{"id":10751,"date":"2023-05-18T00:03:30","date_gmt":"2023-05-18T00:03:30","guid":{"rendered":"https:\/\/www.soncaliu.com\/?post_type=ofertas&#038;p=10751"},"modified":"2025-04-28T08:26:25","modified_gmt":"2025-04-28T08:26:25","slug":"winter-mallorca-apartments-son-caliu-playa","status":"publish","type":"ofertas","link":"https:\/\/www.soncaliu.com\/de\/angebote\/winter-mallorca-apartments-son-caliu-playa\/","title":{"rendered":"Wintersaison 2025-2026"},"content":{"rendered":"\n<section class=\"wp-block-mkl-section-block section-main\"><div class=\"main-slider \" >\n  \n<div class=\"main-slider-item \" >\n  \n\n<figure class=\"wp-block-image size-large\"><img loading=\"lazy\" decoding=\"async\" width=\"1024\" height=\"576\" src=\"https:\/\/www.soncaliu.com\/wp-content\/uploads\/2022\/10\/oferta-apartamentos-slider-1-1024x576.jpg\" alt=\"Oferta Apartamentos Son Caliu Playa\" class=\"wp-image-10772\" srcset=\"https:\/\/www.soncaliu.com\/wp-content\/uploads\/2022\/10\/oferta-apartamentos-slider-1-1024x576.jpg 1024w, https:\/\/www.soncaliu.com\/wp-content\/uploads\/2022\/10\/oferta-apartamentos-slider-1-300x169.jpg 300w, https:\/\/www.soncaliu.com\/wp-content\/uploads\/2022\/10\/oferta-apartamentos-slider-1-768x432.jpg 768w, https:\/\/www.soncaliu.com\/wp-content\/uploads\/2022\/10\/oferta-apartamentos-slider-1-1536x864.jpg 1536w, https:\/\/www.soncaliu.com\/wp-content\/uploads\/2022\/10\/oferta-apartamentos-slider-1.jpg 1920w\" sizes=\"auto, (max-width: 1024px) 100vw, 1024px\" \/><\/figure>\n\n\n<\/div>\n\n<\/div>\n\n\n<section class=\"wp-block-mkl-section-block main-sec\"><div class=\"container  \">\n  \n<div class=\"main-sec-wrap \" >\n  \n<div class=\" \" >\n  \n\n<h2 class=\"wp-block-heading\" id=\"oferta-especial-mice\"><strong><strong>Wintersaison 2024-202<\/strong>5<\/strong><\/h2>\n\n\n<\/div>\n\n<\/div>\n\n<\/div><\/section>\n<\/section>\n\n\n\n<section class=\"wp-block-mkl-section-block section-infoline\"><div class=\"container  \">\n  \n<div class=\"breadcrumbs-wrap \" >\n  \n<div class=\"breadcrumbs-wrap__title \">Sie befinden sich in:<\/div>\n\n\n<ul class=\"wp-block-list\">\n<li><a href=\"https:\/\/soncaliu.com\/\">Startseite<\/a><\/li>\n\n\n\n<li><a style=\"font-family: -apple-system, BlinkMacSystemFont, &quot;Segoe UI&quot;, Roboto, Oxygen-Sans, Ubuntu, Cantarell, &quot;Helvetica Neue&quot;, sans-serif; background-color: initial;\" href=\"https:\/\/soncaliu.com\/de\/angebote\/\">Angebote<\/a><\/li>\n\n\n\n<li>Wintersaison 2024-2025<\/li>\n<\/ul>\n\n\n<\/div>\n\n<\/div><\/section>\n\n\n\n<section class=\"wp-block-mkl-section-block section-content dc-content pb-0\"><div class=\"container \" >\n  \n\n<div class=\"no-gutters bg-white row align-items-lg-start\">\n<div class=\"pl-md-3 pl-lg-5 col-md-6 d-md-flex flex-md-column justify-content-md-center\">\n<h2 class=\"wp-block-heading\" id=\"oferta-especial-mice\">Wintersaison<br><strong><em>2025-2026<\/em><\/strong><\/h2>\n<\/div>\n\n\n\n<div class=\"col-md-6\">\n<p>In der n\u00e4chsten Wintersaison, die am 16. November 2025 beginnt und am 19. M\u00e4rz 2026 endet, k\u00f6nnen Sie Ihren Urlaub auf Mallorca in unseren Apartments Son Caliu Playa direkt am Meer zu Sonderpreisen genie\u00dfen:<\/p>\n\n\n\n<p>&#8211; 5% f\u00fcr Aufenthalte von 10 Tage oder mehr<\/p>\n\n\n\n<p>&#8211; 10% f\u00fcr Aufenthalte von 14 N\u00e4chten oder mehr<\/p>\n\n\n\n<p>&#8211; 20% f\u00fcr Aufenthalte ab 21 N\u00e4chten<\/p>\n\n\n\n<p>Nutzen Sie das Angebot, um zu buchen:<\/p>\n\n\n\n<p><a href=\"https:\/\/reservas.soncaliu.com\/bookcore\/availability\/soncaliuaptos\/2024-12-23\/2024-12-30\/\" target=\"_blank\" rel=\"noreferrer noopener\">Jetzt buchen<\/a><\/p>\n<\/div>\n<\/div>\n\n\n<\/div><\/section>\n\n\n\n<section class=\"wp-block-mkl-section-block section-all\"><div class=\"container  \">\n  \n\n<h4 class=\"has-text-align-center wp-block-heading\" id=\"zuruck-zu-den-angeboten\"><a href=\"https:\/\/soncaliu.com\/ofertas\/\">Zur\u00fcck zu den <\/a><em><a href=\"https:\/\/soncaliu.com\/de\/angebote\/\">Angeboten<\/a><\/em><\/h4>\n\n\n<\/div><\/section>\n\n\n\n<section class=\"wp-block-mkl-section-block section-contacts\"><div class=\"container text-center \">\n  \n\n<h3 class=\"wp-block-heading has-text-align-center\" id=\"contacto\">Kontakt<\/h3>\n\n\n\n<h2 class=\"wp-block-heading has-text-align-center\" id=\"estamos-a-su-completa-disposicion-para-ayudarle-a-planificar-su-estancia-cuidando-todos-los-detalles\"><mark style=\"background-color:rgba(0, 0, 0, 0);color:#b89b61\" class=\"has-inline-color\">Wir helfen Ihnen gerne bei der Planung Ihres Aufenthalts und k\u00fcmmern uns um jedes Detail.\u00a0<\/mark><\/h2>\n\n\n\n<p class=\"has-text-align-center\">Bitte z\u00f6gern Sie nicht, uns zu kontaktieren, um Ihre Buchung zu bearbeiten oder falls Sie weitere Informationen ben\u00f6tigen.<\/p>\n\n\n<a class=\"dc-btn dc-btn_w2 dc-btn_outline-secondary \" href=\"https:\/\/soncaliu.com\/contacto\/\">Kontaktieren Sie uns<\/a>\n\n<\/div><\/section>\n\n\n\n<section class=\"wp-block-mkl-section-block section-advantages\"><div class=\"section-bg bg__stretched\" style=\"background-image:url(https:\/\/soncaliu.com\/wp-content\/uploads\/2021\/08\/bg-1-1024x401.jpg);opacity:1\"><\/div><div class=\"container  \">\n  \n\n<h3 class=\"wp-block-heading has-text-align-center\" id=\"disfrute-de-las-mejores-ventajas\"><mark style=\"background-color: rgba(0, 0, 0, 0);\" class=\"has-inline-color has-white-color\">Genie\u00dfen Sie die besten Vorteile<\/mark><\/h3>\n\n\n\n<h2 class=\"wp-block-heading has-text-align-center\" id=\"ventajas-exclusivas-al-reservar-en-nuestra-pagina-oficial\"><mark style=\"background-color: rgba(0, 0, 0, 0);\" class=\"has-inline-color has-white-color\">Exklusiven Vorteile bei Reservierungen auf<\/mark> <strong><em><mark style=\"background-color: rgba(0, 0, 0, 0);\" class=\"has-inline-color has-white-color\">unserer Webseite<\/mark><\/em><\/strong><\/h2>\n\n\n\n<div class=\"row-adv row-adv-2 row align-items-center\">\n\n\n<div class=\"col-lg-3 col-md-6\"><div class=\"dc-ics-b \" >\n  \n<div class=\"dc-ics-b__circle \" >\n  \n  <i class=\"icon-ic-money\"><\/i>\n\n<\/div>\n\n<div class=\"dc-ics-b__txt \">Garantierter Bestpreis. Unsere besten Angebote finden Sie auf unserer Webseite<\/div>\n\n<\/div><\/div>\n\n\n\n<div class=\"col-lg-3 col-md-6\"><div class=\"dc-ics-b \" >\n  \n<div class=\"dc-ics-b__circle \" >\n  \n\n<svg width=\"72px\" height=\"72px\" viewbox=\"0 0 72 72\" version=\"1.1\" xmlns=\"http:\/\/www.w3.org\/2000\/svg\" xmlns:xlink=\"http:\/\/www.w3.org\/1999\/xlink\">\r\n    <g id=\"Symbols\" stroke=\"none\" stroke-width=\"1\" fill=\"none\" fill-rule=\"evenodd\">\r\n        <g id=\"6-Ventajas\" transform=\"translate(-467.000000, -385.000000)\">\r\n            <g id=\"Group-7\" transform=\"translate(48.000000, 384.000000)\">\r\n                <g id=\"Group-9-Copy\" transform=\"translate(305.000000, 2.000000)\">\r\n                    <g id=\"Group-4\" transform=\"translate(115.000000, 0.000000)\">\r\n                        <path d=\"M35.00089,23.0967205 C35.4761575,24.0383385 44.0000002,31.4474391 44.0000002,37.3284575 C44.0000002,41.7387095 41.0330493,46.9513839 35.00089,47.0005117 C28.9687307,46.9513839 26.0039159,41.7387095 25.9996422,37.3284575 C25.9953717,31.4474391 34.5213505,24.0383385 35.00089,23.0967205 Z M34.998754,26.2378353 C32.7003817,28.6768306 28.1335415,33.6817348 28.1356768,37.327434 C28.1378136,40.2536142 30.0111152,44.9125762 35.0179783,44.9535161 C39.9949369,44.9125762 41.8639665,40.2556612 41.8639665,37.3284575 C41.8639665,33.6817348 37.2949903,28.6747836 34.998754,26.2378353 Z M29.6099076,36.5185637 C29.8840314,36.5185637 30.1059411,36.7089343 30.1059411,36.9463858 C30.1083145,38.9739349 31.4160392,42.0055354 35.0057554,42.0444283 C35.2810659,42.0464753 35.4994156,42.2409399 35.4970614,42.4773679 C35.4946688,42.7117489 35.2727591,42.9000725 35.0010087,42.9000725 C30.6850425,42.8550386 29.1162475,39.3147597 29.1138741,36.9463858 C29.1138741,36.7099578 29.3369705,36.5185637 29.6099076,36.5185637 Z\" id=\"Combined-Shape\" fill=\"#FFFFFF\"><\/path>\r\n                    <\/g>\r\n                <\/g>\r\n            <\/g>\r\n        <\/g>\r\n    <\/g>\r\n<\/svg>\n\n\n<\/div>\n\n<div class=\"dc-ics-b__txt \">Freier Zugang zur Spa Oasis<\/div>\n\n<\/div><\/div>\n\n\n\n<div class=\"col-lg-3 col-md-6\"><div class=\"dc-ics-b \" >\n  \n<div class=\"dc-ics-b__circle \" >\n  \n  <i class=\"icon-ic-cocktail\"><\/i>\n\n<\/div>\n\n<div class=\"dc-ics-b__txt \">Willkommensgruss<\/div>\n\n<\/div><\/div>\n\n\n\n\n\n<div class=\"col-lg-3 col-md-6\"><div class=\"dc-ics-b \" >\n  \n<div class=\"dc-ics-b__circle \" >\n  \n  <i class=\"icon-ic-wifi\"><\/i>\n\n<\/div>\n\n<div class=\"dc-ics-b__txt \">WLAN kostenfrei<\/div>\n\n<\/div><\/div>\n<\/div>\n\n\n<div class=\"text-center link-flash \" >\n  \n\n<h4 class=\"wp-block-heading has-text-align-center js-linkBook\" id=\"reservar-ahora-al-mejor-precio\"><a href=\"#\">Jetzt zum&nbsp;<em>besten Preis buchen<\/em><\/a><\/h4>\n\n\n<\/div>\n\n<\/div><\/section>\n","protected":false},"excerpt":{"rendered":"<p>Genie\u00dfen Sie die Sonne, die angenehmen Temperaturen und das beste gastronomische, kulturelle und nat\u00fcrliche Angebot der Insel.<\/p>\n","protected":false},"featured_media":10777,"parent":0,"template":"","class_list":["post-10751","ofertas","type-ofertas","status-publish","has-post-thumbnail","hentry"],"yoast_head":"<!-- This site is optimized with the Yoast SEO plugin v27.1.1 - https:\/\/yoast.com\/product\/yoast-seo-wordpress\/ -->\n<title>Wintersaison 2025-2026 - Son Caliu Spa Oasis<\/title>\n<meta name=\"description\" content=\"Sie k\u00f6nnen jetzt Ihren Urlaub f\u00fcr die n\u00e4chste Saison 2023 im Hotel Son Caliu Spa Oasis und Apartamentos Son Caliu buchen.\" \/>\n<meta name=\"robots\" content=\"index, follow, max-snippet:-1, max-image-preview:large, max-video-preview:-1\" \/>\n<link rel=\"canonical\" href=\"https:\/\/www.soncaliu.com\/de\/angebote\/winter-mallorca-apartments-son-caliu-playa\/\" \/>\n<meta property=\"og:locale\" content=\"de_DE\" \/>\n<meta property=\"og:type\" content=\"article\" \/>\n<meta property=\"og:title\" content=\"Wintersaison 2025-2026 - Son Caliu Spa Oasis\" \/>\n<meta property=\"og:description\" content=\"Sie k\u00f6nnen jetzt Ihren Urlaub f\u00fcr die n\u00e4chste Saison 2023 im Hotel Son Caliu Spa Oasis und Apartamentos Son Caliu buchen.\" \/>\n<meta property=\"og:url\" content=\"https:\/\/www.soncaliu.com\/de\/angebote\/winter-mallorca-apartments-son-caliu-playa\/\" \/>\n<meta property=\"og:site_name\" content=\"Son Caliu Spa Oasis\" \/>\n<meta property=\"article:modified_time\" content=\"2025-04-28T08:26:25+00:00\" \/>\n<meta property=\"og:image\" content=\"https:\/\/www.soncaliu.com\/wp-content\/uploads\/2022\/10\/oferta-apartamentos-1.jpg\" \/>\n\t<meta property=\"og:image:width\" content=\"1200\" \/>\n\t<meta property=\"og:image:height\" content=\"1200\" \/>\n\t<meta property=\"og:image:type\" content=\"image\/jpeg\" \/>\n<meta name=\"twitter:card\" content=\"summary_large_image\" \/>\n<meta name=\"twitter:label1\" content=\"Gesch\u00e4tzte Lesezeit\" \/>\n\t<meta name=\"twitter:data1\" content=\"1\u00a0Minute\" \/>\n<script type=\"application\/ld+json\" class=\"yoast-schema-graph\">{\"@context\":\"https:\/\/schema.org\",\"@graph\":[{\"@type\":\"WebPage\",\"@id\":\"https:\/\/www.soncaliu.com\/de\/angebote\/winter-mallorca-apartments-son-caliu-playa\/\",\"url\":\"https:\/\/www.soncaliu.com\/de\/angebote\/winter-mallorca-apartments-son-caliu-playa\/\",\"name\":\"Wintersaison 2025-2026 - Son Caliu Spa Oasis\",\"isPartOf\":{\"@id\":\"https:\/\/www.soncaliu.com\/de\/#website\"},\"primaryImageOfPage\":{\"@id\":\"https:\/\/www.soncaliu.com\/de\/angebote\/winter-mallorca-apartments-son-caliu-playa\/#primaryimage\"},\"image\":{\"@id\":\"https:\/\/www.soncaliu.com\/de\/angebote\/winter-mallorca-apartments-son-caliu-playa\/#primaryimage\"},\"thumbnailUrl\":\"https:\/\/www.soncaliu.com\/wp-content\/uploads\/2022\/10\/oferta-apartamentos-1.jpg\",\"datePublished\":\"2023-05-18T00:03:30+00:00\",\"dateModified\":\"2025-04-28T08:26:25+00:00\",\"description\":\"Sie k\u00f6nnen jetzt Ihren Urlaub f\u00fcr die n\u00e4chste Saison 2023 im Hotel Son Caliu Spa Oasis und Apartamentos Son Caliu buchen.\",\"breadcrumb\":{\"@id\":\"https:\/\/www.soncaliu.com\/de\/angebote\/winter-mallorca-apartments-son-caliu-playa\/#breadcrumb\"},\"inLanguage\":\"de\",\"potentialAction\":[{\"@type\":\"ReadAction\",\"target\":[\"https:\/\/www.soncaliu.com\/de\/angebote\/winter-mallorca-apartments-son-caliu-playa\/\"]}]},{\"@type\":\"ImageObject\",\"inLanguage\":\"de\",\"@id\":\"https:\/\/www.soncaliu.com\/de\/angebote\/winter-mallorca-apartments-son-caliu-playa\/#primaryimage\",\"url\":\"https:\/\/www.soncaliu.com\/wp-content\/uploads\/2022\/10\/oferta-apartamentos-1.jpg\",\"contentUrl\":\"https:\/\/www.soncaliu.com\/wp-content\/uploads\/2022\/10\/oferta-apartamentos-1.jpg\",\"width\":1200,\"height\":1200,\"caption\":\"Oferta\"},{\"@type\":\"BreadcrumbList\",\"@id\":\"https:\/\/www.soncaliu.com\/de\/angebote\/winter-mallorca-apartments-son-caliu-playa\/#breadcrumb\",\"itemListElement\":[{\"@type\":\"ListItem\",\"position\":1,\"name\":\"Startseite\",\"item\":\"https:\/\/www.soncaliu.com\/de\/\"},{\"@type\":\"ListItem\",\"position\":2,\"name\":\"Wintersaison 2025-2026\"}]},{\"@type\":\"WebSite\",\"@id\":\"https:\/\/www.soncaliu.com\/de\/#website\",\"url\":\"https:\/\/www.soncaliu.com\/de\/\",\"name\":\"Son Caliu Spa Oasis\",\"description\":\"Just another WordPress site\",\"potentialAction\":[{\"@type\":\"SearchAction\",\"target\":{\"@type\":\"EntryPoint\",\"urlTemplate\":\"https:\/\/www.soncaliu.com\/de\/?s={search_term_string}\"},\"query-input\":{\"@type\":\"PropertyValueSpecification\",\"valueRequired\":true,\"valueName\":\"search_term_string\"}}],\"inLanguage\":\"de\"}]}<\/script>\n<!-- \/ Yoast SEO plugin. -->","yoast_head_json":{"title":"Wintersaison 2025-2026 - Son Caliu Spa Oasis","description":"Sie k\u00f6nnen jetzt Ihren Urlaub f\u00fcr die n\u00e4chste Saison 2023 im Hotel Son Caliu Spa Oasis und Apartamentos Son Caliu buchen.","robots":{"index":"index","follow":"follow","max-snippet":"max-snippet:-1","max-image-preview":"max-image-preview:large","max-video-preview":"max-video-preview:-1"},"canonical":"https:\/\/www.soncaliu.com\/de\/angebote\/winter-mallorca-apartments-son-caliu-playa\/","og_locale":"de_DE","og_type":"article","og_title":"Wintersaison 2025-2026 - Son Caliu Spa Oasis","og_description":"Sie k\u00f6nnen jetzt Ihren Urlaub f\u00fcr die n\u00e4chste Saison 2023 im Hotel Son Caliu Spa Oasis und Apartamentos Son Caliu buchen.","og_url":"https:\/\/www.soncaliu.com\/de\/angebote\/winter-mallorca-apartments-son-caliu-playa\/","og_site_name":"Son Caliu Spa Oasis","article_modified_time":"2025-04-28T08:26:25+00:00","og_image":[{"width":1200,"height":1200,"url":"https:\/\/www.soncaliu.com\/wp-content\/uploads\/2022\/10\/oferta-apartamentos-1.jpg","type":"image\/jpeg"}],"twitter_card":"summary_large_image","twitter_misc":{"Gesch\u00e4tzte Lesezeit":"1\u00a0Minute"},"schema":{"@context":"https:\/\/schema.org","@graph":[{"@type":"WebPage","@id":"https:\/\/www.soncaliu.com\/de\/angebote\/winter-mallorca-apartments-son-caliu-playa\/","url":"https:\/\/www.soncaliu.com\/de\/angebote\/winter-mallorca-apartments-son-caliu-playa\/","name":"Wintersaison 2025-2026 - Son Caliu Spa Oasis","isPartOf":{"@id":"https:\/\/www.soncaliu.com\/de\/#website"},"primaryImageOfPage":{"@id":"https:\/\/www.soncaliu.com\/de\/angebote\/winter-mallorca-apartments-son-caliu-playa\/#primaryimage"},"image":{"@id":"https:\/\/www.soncaliu.com\/de\/angebote\/winter-mallorca-apartments-son-caliu-playa\/#primaryimage"},"thumbnailUrl":"https:\/\/www.soncaliu.com\/wp-content\/uploads\/2022\/10\/oferta-apartamentos-1.jpg","datePublished":"2023-05-18T00:03:30+00:00","dateModified":"2025-04-28T08:26:25+00:00","description":"Sie k\u00f6nnen jetzt Ihren Urlaub f\u00fcr die n\u00e4chste Saison 2023 im Hotel Son Caliu Spa Oasis und Apartamentos Son Caliu buchen.","breadcrumb":{"@id":"https:\/\/www.soncaliu.com\/de\/angebote\/winter-mallorca-apartments-son-caliu-playa\/#breadcrumb"},"inLanguage":"de","potentialAction":[{"@type":"ReadAction","target":["https:\/\/www.soncaliu.com\/de\/angebote\/winter-mallorca-apartments-son-caliu-playa\/"]}]},{"@type":"ImageObject","inLanguage":"de","@id":"https:\/\/www.soncaliu.com\/de\/angebote\/winter-mallorca-apartments-son-caliu-playa\/#primaryimage","url":"https:\/\/www.soncaliu.com\/wp-content\/uploads\/2022\/10\/oferta-apartamentos-1.jpg","contentUrl":"https:\/\/www.soncaliu.com\/wp-content\/uploads\/2022\/10\/oferta-apartamentos-1.jpg","width":1200,"height":1200,"caption":"Oferta"},{"@type":"BreadcrumbList","@id":"https:\/\/www.soncaliu.com\/de\/angebote\/winter-mallorca-apartments-son-caliu-playa\/#breadcrumb","itemListElement":[{"@type":"ListItem","position":1,"name":"Startseite","item":"https:\/\/www.soncaliu.com\/de\/"},{"@type":"ListItem","position":2,"name":"Wintersaison 2025-2026"}]},{"@type":"WebSite","@id":"https:\/\/www.soncaliu.com\/de\/#website","url":"https:\/\/www.soncaliu.com\/de\/","name":"Son Caliu Spa Oasis","description":"Just another WordPress site","potentialAction":[{"@type":"SearchAction","target":{"@type":"EntryPoint","urlTemplate":"https:\/\/www.soncaliu.com\/de\/?s={search_term_string}"},"query-input":{"@type":"PropertyValueSpecification","valueRequired":true,"valueName":"search_term_string"}}],"inLanguage":"de"}]}},"_links":{"self":[{"href":"https:\/\/www.soncaliu.com\/de\/wp-json\/wp\/v2\/ofertas\/10751","targetHints":{"allow":["GET"]}}],"collection":[{"href":"https:\/\/www.soncaliu.com\/de\/wp-json\/wp\/v2\/ofertas"}],"about":[{"href":"https:\/\/www.soncaliu.com\/de\/wp-json\/wp\/v2\/types\/ofertas"}],"version-history":[{"count":8,"href":"https:\/\/www.soncaliu.com\/de\/wp-json\/wp\/v2\/ofertas\/10751\/revisions"}],"predecessor-version":[{"id":17122,"href":"https:\/\/www.soncaliu.com\/de\/wp-json\/wp\/v2\/ofertas\/10751\/revisions\/17122"}],"wp:featuredmedia":[{"embeddable":true,"href":"https:\/\/www.soncaliu.com\/de\/wp-json\/wp\/v2\/media\/10777"}],"wp:attachment":[{"href":"https:\/\/www.soncaliu.com\/de\/wp-json\/wp\/v2\/media?parent=10751"}],"curies":[{"name":"wp","href":"https:\/\/api.w.org\/{rel}","templated":true}]}}